{"id":1290,"date":"2024-12-12T11:03:04","date_gmt":"2024-12-12T11:03:04","guid":{"rendered":"https:\/\/almendroatelier.com\/?post_type=product&#038;p=1290"},"modified":"2026-05-05T12:55:38","modified_gmt":"2026-05-05T12:55:38","slug":"vestido-maria-azul-noche","status":"publish","type":"product","link":"https:\/\/almendroatelier.com\/en\/producto\/vestido-maria-azul-noche\/","title":{"rendered":"Vestido Mar\u00eda Azul Noche"},"content":{"rendered":"<p><span style=\"color: #000000;\">Vestido perfecto para invitada a boda y comuni\u00f3n.<\/span><\/p>\n<p><span style=\"color: #000000;\">Les presentamos el elegante <strong>Vestido Mar\u00eda<\/strong>, una pieza \u00fanica que combina sofisticaci\u00f3n, modernidad y un toque de romanticismo. Este vestido est\u00e1 dise\u00f1ado para la mujer contempor\u00e1nea que busca destacar en cualquier evento especial, sin perder la comodidad ni la elegancia.<\/span><\/p>\n","protected":false},"excerpt":{"rendered":"<h2><span style=\"color: #000000;\">Vestido Azul Noche Mar\u00eda<\/span><\/h2>\n<p data-start=\"226\" data-end=\"477\"><span style=\"color: #000000;\">El <strong data-start=\"229\" data-end=\"260\">Vestido Mar\u00eda en azul noche<\/strong> es la opci\u00f3n perfecta para quienes buscan un look sofisticado y favorecedor en cualquier evento especial. Confeccionado en <strong data-start=\"384\" data-end=\"402\">crep\u00e9 satinado<\/strong> (97% poli\u00e9ster, 3% elastano), combina fluidez, brillo sutil y comodidad.<\/span><\/p>\n<p data-start=\"479\" data-end=\"513\"><span style=\"color: #000000;\"><strong>Detalles que lo hacen \u00fanico<\/strong><\/span><\/p>\n<ul data-start=\"514\" data-end=\"1103\">\n<li data-start=\"514\" data-end=\"564\">\n<p data-start=\"516\" data-end=\"564\"><span style=\"color: #000000;\"><strong data-start=\"516\" data-end=\"537\">Escote asim\u00e9trico<\/strong>, original y favorecedor.<\/span><\/p>\n<\/li>\n<li data-start=\"565\" data-end=\"646\">\n<p data-start=\"567\" data-end=\"646\"><span style=\"color: #000000;\"><strong data-start=\"567\" data-end=\"592\">Pliegues en el hombro<\/strong>, que aportan un detalle de distinci\u00f3n y estructura.<\/span><\/p>\n<\/li>\n<li data-start=\"647\" data-end=\"715\">\n<p data-start=\"649\" data-end=\"715\"><span style=\"color: #000000;\"><strong data-start=\"649\" data-end=\"669\">Abertura lateral<\/strong>, que estiliza y a\u00f1ade dinamismo al caminar.<\/span><\/p>\n<\/li>\n<li data-start=\"716\" data-end=\"780\">\n<p data-start=\"718\" data-end=\"780\"><span style=\"color: #000000;\"><strong data-start=\"718\" data-end=\"736\">Manga francesa<\/strong>, ideal para un acabado elegante y c\u00f3modo.<\/span><\/p>\n<\/li>\n<li data-start=\"781\" data-end=\"847\">\n<p data-start=\"783\" data-end=\"847\"><span style=\"color: #000000;\"><strong data-start=\"783\" data-end=\"800\">Corte al bies<\/strong>, que se adapta con naturalidad a la silueta.<\/span><\/p>\n<\/li>\n<li data-start=\"848\" data-end=\"938\">\n<p data-start=\"850\" data-end=\"938\"><span style=\"color: #000000;\"><strong data-start=\"850\" data-end=\"864\">Largo midi<\/strong>, vers\u00e1til y refinado, perfecto tanto para eventos de d\u00eda como de noche.<\/span><\/p>\n<\/li>\n<li data-start=\"939\" data-end=\"1022\">\n<p data-start=\"941\" data-end=\"1022\"><span style=\"color: #000000;\">Color <strong data-start=\"947\" data-end=\"961\">azul noche<\/strong>, intenso y sofisticado, que transmite elegancia atemporal.<\/span><\/p>\n<\/li>\n<li data-start=\"1023\" data-end=\"1103\">\n<p data-start=\"1025\" data-end=\"1103\"><span style=\"color: #000000;\">Confeccionado en el <strong data-start=\"1045\" data-end=\"1062\">Sur de Espa\u00f1a<\/strong>, cuidando cada detalle artesanalmente.<\/span><\/p>\n<\/li>\n<\/ul>\n<p data-start=\"1105\" data-end=\"1128\"><span style=\"color: #000000;\"><strong>Por qu\u00e9 elegirlo<\/strong><\/span><\/p>\n<p data-start=\"1129\" data-end=\"1426\"><span style=\"color: #000000;\">El <strong data-start=\"1132\" data-end=\"1160\">Vestido Mar\u00eda Azul Noche<\/strong> es un dise\u00f1o pensado para mujeres que buscan una prenda elegante y pr\u00e1ctica, con detalles que marcan la diferencia. Su tono profundo lo convierte en un lienzo vers\u00e1til, perfecto para combinar con accesorios dorados, plateados o de color vibrante seg\u00fan la ocasi\u00f3n.<\/span><\/p>\n<h2 data-start=\"1129\" data-end=\"1426\"><span style=\"color: #000000;\">C\u00f3mo combinar el Vestido Azul Noche Mar\u00eda<\/span><\/h2>\n<p data-start=\"150\" data-end=\"409\"><span style=\"color: #000000;\">El <strong data-start=\"153\" data-end=\"181\">Vestido Mar\u00eda Azul Noche<\/strong> es una prenda atemporal que combina sofisticaci\u00f3n y versatilidad. Su escote asim\u00e9trico, la manga francesa y el largo midi lo convierten en un dise\u00f1o perfecto para ocasiones en las que quieres destacar con discreci\u00f3n y estilo.<\/span><\/p>\n<h3 data-start=\"411\" data-end=\"443\"><span style=\"color: #000000;\">Look cl\u00e1sico y refinado<\/span><\/h3>\n<ul data-start=\"444\" data-end=\"811\">\n<li data-start=\"444\" data-end=\"567\">\n<p data-start=\"446\" data-end=\"567\"><span style=\"color: #000000;\"><strong data-start=\"446\" data-end=\"457\">Zapatos<\/strong>: stilettos o sandalias en tonos nude o dorado suave, que aporten luz sin restar protagonismo al azul noche.<\/span><\/p>\n<\/li>\n<li data-start=\"568\" data-end=\"629\">\n<p data-start=\"570\" data-end=\"629\"><span style=\"color: #000000;\"><strong data-start=\"570\" data-end=\"579\">Bolso<\/strong>: clutch met\u00e1lico en champagne o beige satinado.<\/span><\/p>\n<\/li>\n<li data-start=\"630\" data-end=\"726\">\n<p data-start=\"632\" data-end=\"726\"><span style=\"color: #000000;\"><strong data-start=\"632\" data-end=\"641\">Joyas<\/strong>: pendientes finos en oro amarillo o con perlas, para un acabado sobrio y luminoso.<\/span><\/p>\n<\/li>\n<li data-start=\"727\" data-end=\"811\">\n<p data-start=\"729\" data-end=\"811\"><span style=\"color: #000000;\"><strong data-start=\"729\" data-end=\"740\">Peinado<\/strong>: semirrecogido sencillo o ondas suaves para mantener la naturalidad.<\/span><\/p>\n<\/li>\n<\/ul>\n<h3 data-start=\"813\" data-end=\"847\"><span style=\"color: #000000;\">Look sofisticado de noche<\/span><\/h3>\n<ul data-start=\"848\" data-end=\"1203\">\n<li data-start=\"848\" data-end=\"922\">\n<p data-start=\"850\" data-end=\"922\"><span style=\"color: #000000;\"><strong data-start=\"850\" data-end=\"861\">Zapatos<\/strong>: en negro charol, plata oscura o incluso burdeos profundo.<\/span><\/p>\n<\/li>\n<li data-start=\"923\" data-end=\"985\">\n<p data-start=\"925\" data-end=\"985\"><span style=\"color: #000000;\"><strong data-start=\"925\" data-end=\"934\">Bolso<\/strong>: clutch joya con pedrer\u00eda o detalles brillantes.<\/span><\/p>\n<\/li>\n<li data-start=\"986\" data-end=\"1099\">\n<p data-start=\"988\" data-end=\"1099\"><span style=\"color: #000000;\"><strong data-start=\"988\" data-end=\"997\">Joyas<\/strong>: pendientes largos con circonitas, esmeraldas o zafiros para potenciar la elegancia del azul noche.<\/span><\/p>\n<\/li>\n<li data-start=\"1100\" data-end=\"1203\">\n<p data-start=\"1102\" data-end=\"1203\"><span style=\"color: #000000;\"><strong data-start=\"1102\" data-end=\"1116\">Maquillaje<\/strong>: labios rojos intensos o un ahumado en tonos grises y negros para un aire glamuroso.<\/span><\/p>\n<\/li>\n<\/ul>\n<h3 data-start=\"1205\" data-end=\"1237\"><span style=\"color: #000000;\">Look moderno y atrevido<\/span><\/h3>\n<ul data-start=\"1238\" data-end=\"1599\">\n<li data-start=\"1238\" data-end=\"1323\">\n<p data-start=\"1240\" data-end=\"1323\"><span style=\"color: #000000;\"><strong data-start=\"1240\" data-end=\"1251\">Zapatos<\/strong>: tacones en colores vibrantes como fucsia, verde esmeralda o mostaza.<\/span><\/p>\n<\/li>\n<li data-start=\"1324\" data-end=\"1415\">\n<p data-start=\"1326\" data-end=\"1415\"><span style=\"color: #000000;\"><strong data-start=\"1326\" data-end=\"1335\">Bolso<\/strong>: mini bolso en el mismo tono de los zapatos para lograr un conjunto arm\u00f3nico.<\/span><\/p>\n<\/li>\n<li data-start=\"1416\" data-end=\"1508\">\n<p data-start=\"1418\" data-end=\"1508\"><span style=\"color: #000000;\"><strong data-start=\"1418\" data-end=\"1427\">Joyas<\/strong>: dise\u00f1os geom\u00e9tricos y minimalistas en plata u oro seg\u00fan el contraste buscado.<\/span><\/p>\n<\/li>\n<li data-start=\"1509\" data-end=\"1599\">\n<p data-start=\"1511\" data-end=\"1599\"><span style=\"color: #000000;\"><strong data-start=\"1511\" data-end=\"1520\">Extra<\/strong>: a\u00f1adir una blazer blanca o en tono pastel para un aire m\u00e1s fresco y actual.<\/span><\/p>\n<\/li>\n<\/ul>\n","protected":false},"featured_media":2912,"comment_status":"open","ping_status":"closed","template":"","meta":{"_acf_changed":false,"_joinchat":[]},"product_brand":[],"product_cat":[124,15],"product_tag":[66,62,71],"class_list":["post-1290","product","type-product","status-publish","has-post-thumbnail","product_cat-vestidos-midi","product_cat-vestidos-eventos","product_tag-azul","product_tag-vestidos","product_tag-vestidosmini","first","instock","taxable","shipping-taxable","purchasable","product-type-variable"],"acf":[],"_links":{"self":[{"href":"https:\/\/almendroatelier.com\/en\/wp-json\/wp\/v2\/product\/1290","targetHints":{"allow":["GET"]}}],"collection":[{"href":"https:\/\/almendroatelier.com\/en\/wp-json\/wp\/v2\/product"}],"about":[{"href":"https:\/\/almendroatelier.com\/en\/wp-json\/wp\/v2\/types\/product"}],"replies":[{"embeddable":true,"href":"https:\/\/almendroatelier.com\/en\/wp-json\/wp\/v2\/comments?post=1290"}],"version-history":[{"count":10,"href":"https:\/\/almendroatelier.com\/en\/wp-json\/wp\/v2\/product\/1290\/revisions"}],"predecessor-version":[{"id":3243,"href":"https:\/\/almendroatelier.com\/en\/wp-json\/wp\/v2\/product\/1290\/revisions\/3243"}],"wp:featuredmedia":[{"embeddable":true,"href":"https:\/\/almendroatelier.com\/en\/wp-json\/wp\/v2\/media\/2912"}],"wp:attachment":[{"href":"https:\/\/almendroatelier.com\/en\/wp-json\/wp\/v2\/media?parent=1290"}],"wp:term":[{"taxonomy":"product_brand","embeddable":true,"href":"https:\/\/almendroatelier.com\/en\/wp-json\/wp\/v2\/product_brand?post=1290"},{"taxonomy":"product_cat","embeddable":true,"href":"https:\/\/almendroatelier.com\/en\/wp-json\/wp\/v2\/product_cat?post=1290"},{"taxonomy":"product_tag","embeddable":true,"href":"https:\/\/almendroatelier.com\/en\/wp-json\/wp\/v2\/product_tag?post=1290"}],"curies":[{"name":"wp","href":"https:\/\/api.w.org\/{rel}","templated":true}]}}