{"id":1286,"date":"2026-01-20T10:52:32","date_gmt":"2026-01-20T10:52:32","guid":{"rendered":"https:\/\/almendroatelier.com\/?post_type=product&#038;p=1286"},"modified":"2026-01-20T15:18:18","modified_gmt":"2026-01-20T15:18:18","slug":"vestido-martina-verde-pato","status":"publish","type":"product","link":"https:\/\/almendroatelier.com\/en\/producto\/vestido-martina-verde-pato\/","title":{"rendered":"Vestido Martina Esmeralda"},"content":{"rendered":"<p><span style=\"color: #000000;\">Vestido perfecto para invitada a boda y eventos de noche.<\/span><\/p>\n<p><span style=\"color: #000000;\">Les presentamos el <strong>Vestido Martina<\/strong>, una pieza que captura la esencia de la elegancia contempor\u00e1nea. Este vestido ha sido pensado para la mujer moderna que desea destacar en eventos especiales con una silueta delicada pero a la vez poderosa.<\/span><\/p>\n","protected":false},"excerpt":{"rendered":"<h2>Vestido Verde Pato Martina<\/h2>\n<p data-start=\"235\" data-end=\"525\">El <strong data-start=\"238\" data-end=\"277\">Vestido Martina en color verde pato<\/strong> combina sofisticaci\u00f3n y originalidad en una prenda que se adapta a cualquier ocasi\u00f3n especial. Confeccionado en <strong data-start=\"390\" data-end=\"404\">crep\u00e9 mate<\/strong> (97% poli\u00e9ster, 3% elastano), ofrece una ca\u00edda fluida, un acabado elegante y un brillo discreto que realza la silueta.<\/p>\n<h3 data-start=\"527\" data-end=\"561\"><strong>Detalles que lo hacen \u00fanico<\/strong><\/h3>\n<ul data-start=\"562\" data-end=\"1212\">\n<li data-start=\"562\" data-end=\"606\">\n<p data-start=\"564\" data-end=\"606\"><strong data-start=\"564\" data-end=\"579\">Escote en V<\/strong>, favorecedor y femenino.<\/p>\n<\/li>\n<li data-start=\"607\" data-end=\"667\">\n<p data-start=\"609\" data-end=\"667\"><strong data-start=\"609\" data-end=\"630\">Delantero cruzado<\/strong>, que estiliza y aporta movimiento.<\/p>\n<\/li>\n<li data-start=\"668\" data-end=\"741\">\n<p data-start=\"670\" data-end=\"741\"><strong data-start=\"670\" data-end=\"692\">Abertura delantera<\/strong>, que a\u00f1ade dinamismo y sensualidad al caminar.<\/p>\n<\/li>\n<li data-start=\"742\" data-end=\"832\">\n<p data-start=\"744\" data-end=\"832\"><strong data-start=\"744\" data-end=\"790\">Cierre con lazada fina interior y exterior<\/strong>, para un ajuste c\u00f3modo y personalizado.<\/p>\n<\/li>\n<li data-start=\"833\" data-end=\"910\">\n<p data-start=\"835\" data-end=\"910\"><strong data-start=\"835\" data-end=\"861\">Pa\u00f1uelo en crep\u00e9 sat\u00e9n<\/strong>, vers\u00e1til y transformable en diferentes looks.<\/p>\n<\/li>\n<li data-start=\"911\" data-end=\"985\">\n<p data-start=\"913\" data-end=\"985\"><strong data-start=\"913\" data-end=\"930\">Corte al bies<\/strong>, adaptado para favorecer la silueta con naturalidad.<\/p>\n<\/li>\n<li data-start=\"986\" data-end=\"1046\">\n<p data-start=\"988\" data-end=\"1046\"><strong data-start=\"988\" data-end=\"1002\">Largo maxi<\/strong>, ideal para bodas, galas y celebraciones.<\/p>\n<\/li>\n<li data-start=\"1047\" data-end=\"1127\">\n<p data-start=\"1049\" data-end=\"1127\"><strong data-start=\"1049\" data-end=\"1069\">Color verde pato<\/strong>, intenso y elegante, perfecto para destacar con estilo.<\/p>\n<\/li>\n<li data-start=\"1128\" data-end=\"1212\">\n<p data-start=\"1130\" data-end=\"1212\">Confeccionado en el <strong data-start=\"1150\" data-end=\"1167\">Sur de Espa\u00f1a<\/strong>, con un cuidado artesanal en cada detalle.<\/p>\n<\/li>\n<\/ul>\n<p data-start=\"1214\" data-end=\"1237\"><strong>Por qu\u00e9 elegirlo<\/strong><\/p>\n<p data-start=\"1238\" data-end=\"1514\">El <strong data-start=\"1241\" data-end=\"1271\">Vestido Martina Verde Pato<\/strong> es ideal para invitadas que buscan un look diferente, elegante y lleno de personalidad. Su tono profundo, unido a la versatilidad del pa\u00f1uelo y las lazadas, lo convierten en una pieza que se adapta f\u00e1cilmente a distintos estilos y momentos.<\/p>\n<h2 data-start=\"1238\" data-end=\"1514\">C\u00f3mo combinar el Vestido Martina Verde Pato<\/h2>\n<p data-start=\"161\" data-end=\"404\">El <strong data-start=\"164\" data-end=\"203\">Vestido Martina en color verde pato<\/strong> destaca por su tono profundo y elegante, su escote en V y el delantero cruzado que estiliza la silueta. La abertura delantera y el pa\u00f1uelo satinado lo convierten en un dise\u00f1o vers\u00e1til y sofisticado.<\/p>\n<h3 data-start=\"406\" data-end=\"438\">Look elegante y cl\u00e1sico<\/h3>\n<ul data-start=\"439\" data-end=\"750\">\n<li data-start=\"439\" data-end=\"526\">\n<p data-start=\"441\" data-end=\"526\"><strong data-start=\"441\" data-end=\"452\">Zapatos<\/strong>: sandalias nude o doradas claras, que suavicen la intensidad del verde.<\/p>\n<\/li>\n<li data-start=\"527\" data-end=\"582\">\n<p data-start=\"529\" data-end=\"582\"><strong data-start=\"529\" data-end=\"538\">Bolso<\/strong>: clutch en beige, champ\u00e1n o dorado suave.<\/p>\n<\/li>\n<li data-start=\"583\" data-end=\"665\">\n<p data-start=\"585\" data-end=\"665\"><strong data-start=\"585\" data-end=\"594\">Joyas<\/strong>: pendientes finos en dorado o con perlas, para un acabado atemporal.<\/p>\n<\/li>\n<li data-start=\"666\" data-end=\"750\">\n<p data-start=\"668\" data-end=\"750\"><strong data-start=\"668\" data-end=\"679\">Peinado<\/strong>: recogido bajo o semirrecogido con ondas, resaltando el escote en V.<\/p>\n<\/li>\n<\/ul>\n<h3 data-start=\"752\" data-end=\"786\">Look sofisticado de noche<\/h3>\n<ul data-start=\"787\" data-end=\"1102\">\n<li data-start=\"787\" data-end=\"861\">\n<p data-start=\"789\" data-end=\"861\"><strong data-start=\"789\" data-end=\"800\">Zapatos<\/strong>: stilettos en negro, oro viejo o incluso burdeos profundo.<\/p>\n<\/li>\n<li data-start=\"862\" data-end=\"921\">\n<p data-start=\"864\" data-end=\"921\"><strong data-start=\"864\" data-end=\"873\">Bolso<\/strong>: clutch joya con pedrer\u00eda o acabado met\u00e1lico.<\/p>\n<\/li>\n<li data-start=\"922\" data-end=\"1019\">\n<p data-start=\"924\" data-end=\"1019\"><strong data-start=\"924\" data-end=\"933\">Joyas<\/strong>: pendientes largos en dorado o con piedras en verde esmeralda, zafiro o circonitas.<\/p>\n<\/li>\n<li data-start=\"1020\" data-end=\"1102\">\n<p data-start=\"1022\" data-end=\"1102\"><strong data-start=\"1022\" data-end=\"1036\">Maquillaje<\/strong>: labios rojos intensos o tonos tierra con un delineado marcado.<\/p>\n<\/li>\n<\/ul>\n<h3 data-start=\"1104\" data-end=\"1136\">Look moderno y atrevido<\/h3>\n<ul data-start=\"1137\" data-end=\"1497\">\n<li data-start=\"1137\" data-end=\"1209\">\n<p data-start=\"1139\" data-end=\"1209\"><strong data-start=\"1139\" data-end=\"1150\">Zapatos<\/strong>: tacones en contraste como fucsia, mostaza o azul klein.<\/p>\n<\/li>\n<li data-start=\"1210\" data-end=\"1297\">\n<p data-start=\"1212\" data-end=\"1297\"><strong data-start=\"1212\" data-end=\"1221\">Bolso<\/strong>: mini bolso a juego con el tono de los zapatos para un conjunto arm\u00f3nico.<\/p>\n<\/li>\n<li data-start=\"1298\" data-end=\"1389\">\n<p data-start=\"1300\" data-end=\"1389\"><strong data-start=\"1300\" data-end=\"1309\">Joyas<\/strong>: piezas geom\u00e9tricas o minimalistas en plata u oro seg\u00fan el contraste buscado.<\/p>\n<\/li>\n<li data-start=\"1390\" data-end=\"1497\">\n<p data-start=\"1392\" data-end=\"1497\"><strong data-start=\"1392\" data-end=\"1401\">Extra<\/strong>: aprovechar el pa\u00f1uelo satinado para crear distintos estilos, dando un aire renovado al look.<\/p>\n<\/li>\n<\/ul>\n<h2>\u00bfQu\u00e9 significar llevar color verde pato a una boda?<\/h2>\n<p data-start=\"0\" data-end=\"402\">Llevar un <strong data-start=\"10\" data-end=\"32\">vestido verde pato<\/strong> a una boda es apostar por un tono sofisticado, elegante y con car\u00e1cter. El verde pato \u2014una tonalidad profunda con matices azulados\u2014 transmite calma, equilibrio y determinaci\u00f3n, evocando la conexi\u00f3n con la naturaleza pero desde una est\u00e9tica refinada. En el contexto de una boda, simboliza serenidad, compromiso y buen gusto: un color que destaca sin resultar estridente.<\/p>\n<p data-start=\"404\" data-end=\"730\">Este tono se combina f\u00e1cilmente con complementos en dorado, arena, cobre o tonos neutros como beige y marfil, lo que le permite adaptarse a distintos estilos y ambientes. As\u00ed, vestir de verde pato con tu <strong data-start=\"608\" data-end=\"627\">vestido Martina<\/strong> es una forma de aportar personalidad, elegancia discreta y una presencia \u00fanica en el d\u00eda m\u00e1s especial.<\/p>\n","protected":false},"featured_media":2929,"comment_status":"open","ping_status":"closed","template":"","meta":{"_acf_changed":false,"_joinchat":[]},"product_brand":[],"product_cat":[123,15],"product_tag":[69,62,63],"class_list":["post-1286","product","type-product","status-publish","has-post-thumbnail","product_cat-vestidos-maxis","product_cat-vestidos-eventos","product_tag-verde","product_tag-vestidos","product_tag-vestidosmaxi","first","instock","taxable","shipping-taxable","purchasable","product-type-variable"],"acf":[],"_links":{"self":[{"href":"https:\/\/almendroatelier.com\/en\/wp-json\/wp\/v2\/product\/1286","targetHints":{"allow":["GET"]}}],"collection":[{"href":"https:\/\/almendroatelier.com\/en\/wp-json\/wp\/v2\/product"}],"about":[{"href":"https:\/\/almendroatelier.com\/en\/wp-json\/wp\/v2\/types\/product"}],"replies":[{"embeddable":true,"href":"https:\/\/almendroatelier.com\/en\/wp-json\/wp\/v2\/comments?post=1286"}],"version-history":[{"count":17,"href":"https:\/\/almendroatelier.com\/en\/wp-json\/wp\/v2\/product\/1286\/revisions"}],"predecessor-version":[{"id":3312,"href":"https:\/\/almendroatelier.com\/en\/wp-json\/wp\/v2\/product\/1286\/revisions\/3312"}],"wp:featuredmedia":[{"embeddable":true,"href":"https:\/\/almendroatelier.com\/en\/wp-json\/wp\/v2\/media\/2929"}],"wp:attachment":[{"href":"https:\/\/almendroatelier.com\/en\/wp-json\/wp\/v2\/media?parent=1286"}],"wp:term":[{"taxonomy":"product_brand","embeddable":true,"href":"https:\/\/almendroatelier.com\/en\/wp-json\/wp\/v2\/product_brand?post=1286"},{"taxonomy":"product_cat","embeddable":true,"href":"https:\/\/almendroatelier.com\/en\/wp-json\/wp\/v2\/product_cat?post=1286"},{"taxonomy":"product_tag","embeddable":true,"href":"https:\/\/almendroatelier.com\/en\/wp-json\/wp\/v2\/product_tag?post=1286"}],"curies":[{"name":"wp","href":"https:\/\/api.w.org\/{rel}","templated":true}]}}